{"id":302,"date":"2018-05-08T13:29:29","date_gmt":"2018-05-08T13:29:29","guid":{"rendered":"http:\/\/ottar.edge-themes.com\/?page_id=302"},"modified":"2024-02-29T20:32:35","modified_gmt":"2024-02-29T20:32:35","slug":"home-1","status":"publish","type":"page","link":"https:\/\/atelieridel.pl\/","title":{"rendered":"STRONA G\u0141\u00d3WNA"},"content":{"rendered":"<p>[vc_row row_content_width=&#8221;grid&#8221; css=&#8221;.vc_custom_1708338546946{padding-top: 0px !important;padding-bottom: 0px !important;}&#8221; el_id=&#8221;edgtf-main-rev-holder&#8221;][vc_column css=&#8221;.vc_custom_1707942843905{margin-top: 40px !important;}&#8221; offset=&#8221;vc_col-xs-offset-1&#8243;][\/vc_column][vc_column offset=&#8221;vc_hidden-xs&#8221;]<div id=\"\" class=\"video-player-for-wpbakery \">\n    <div class=\"video-player-for-wpbakery-container\">\n        <video width=\"1090\" height=\"677\" controls autoplay loop muted>\n            <source src=\"https:\/\/atelieridel.pl\/wp-content\/uploads\/2023\/09\/StwA\u00b3rzmy-razem-coA\u009b-piA\u0099knego.mp4\" type=\"video\/mp4\">\n            Your browser does not support the video tag.        <\/video>\n    <\/div>\n<\/div>[\/vc_column][\/vc_row][vc_row][vc_column offset=&#8221;vc_hidden-lg vc_hidden-md vc_hidden-sm&#8221;][vc_empty_space][\/vc_column][\/vc_row][vc_row][vc_column]<h2 class=\"edgtf-custom-font-holder  edgtf-cf-8814  \" style=\"text-align: center\" data-item-class=\"edgtf-cf-8814\" data-font-size-680=\"30px\" data-line-height-680=\"30px\">\nWitaj w moim Atelier!<\/h2>[vc_row_inner][vc_column_inner width=&#8221;1\/2&#8243;]<div class=\"edgtf-single-image-holder   \">\n    <div class=\"edgtf-si-inner\" >\n                                            <img loading=\"lazy\" decoding=\"async\" width=\"1200\" height=\"1200\" src=\"https:\/\/atelieridel.pl\/wp-content\/uploads\/2023\/09\/giff_atelieridel.gif\" class=\"attachment-full size-full\" alt=\"\" \/>                                    <\/div>\n<\/div>[\/vc_column_inner][vc_column_inner width=&#8221;1\/2&#8243;][vc_column_text]<\/p>\n<div class=\"x1h91t0o xkh2ocl x78zum5 xdt5ytf x13a6bvl x193iq5w x1c4vz4f xcrg951 x1sxyh0 x1nvil2r\" role=\"none\">\n<div class=\"xuk3077 x78zum5 x2lah0s x1fgtraw xgd8bvy\" aria-hidden=\"true\">\n<div class=\"page\" title=\"Page 2\">\n<div class=\"layoutArea\">\n<div class=\"column\">\n<p>Po latach da\u0328z\u0307enia do doskona\u0142os\u0301ci oraz cia\u0328g\u0142ego rozwoju, moja niespokojna dusza zaprowadzi\u0142a mnie do momentu, kiedy zapragne\u0328\u0142am stworzyc\u0301 swoje w\u0142asne miejsce \u2013 <strong>miejsce, w kto\u0301rym powstaja\u0328 nietuzinkowe projekty oraz autorskie rozwia\u0328zania.<\/strong><\/p>\n<p><strong>To w\u0142as\u0301nie tutaj zaprojektuje\u0328 dla Ciebie wyja\u0328tkowy brand oraz przeprowadze\u0328 Cie\u0328 przez s\u0301wiat reklamy wizualnej.<\/strong> Mo\u0301j multitasking artystyczny, kto\u0301ry wypracowa\u0142am na przestrzeni lat, pozwala mi dzia\u0142ac\u0301 w obszarze projektowania graficznego, fotografii, oraz video. Tworze\u0328 takz\u0307e autorskie kolaz\u0307e artystyczne i ilustracje, kto\u0301re ciesza\u0328 oko najbardziej wymagaja\u0328cych odbiorco\u0301w. Swoja\u0328 wiedze\u0328 i dos\u0301wiadczenie zdoby\u0142am studiuja\u0328c na artystycznych uczelniach, a takz\u0307e z dotychczasowej pracy w agencjach reklamowych, instytucjach kultury i prywatnych firmach gdzie realizowa\u0142am projekty dla najro\u0301z\u0307niejszych branz\u0307y. Zaowocowa\u0142o to ukierunkowaniem na nowoczesne rozwia\u0328zania, kto\u0301re tworze\u0328 w odpowiedzi na najbardziej wymagaja\u0328ce potrzeby klienta.<\/p>\n<p><strong>Zapraszam Cie\u0328 do Atelier Idel!<\/strong><br \/>\n<strong>Agnieszka Seidel-Koz\u0307uch<\/strong><\/p>\n<\/div>\n<\/div>\n<\/div>\n<\/div>\n<\/div>\n<p>[\/vc_column_text][\/vc_column_inner][\/vc_row_inner][\/vc_column][\/vc_row][vc_row row_content_width=&#8221;grid&#8221;][vc_column offset=&#8221;vc_col-xs-11&#8243;]<h2 class=\"edgtf-custom-font-holder  edgtf-cf-9068  \" style=\"text-align: center\" data-item-class=\"edgtf-cf-9068\" data-font-size-680=\"30px\" data-line-height-680=\"30px\">\nTutaj marzenia staj\u0105 si\u0119 rzeczywisto\u015bci\u0105.<\/h2><h2 class=\"edgtf-custom-font-holder  edgtf-cf-2842 edgtf-cf-has-type-out \" style=\"font-size: 40px;text-align: center\" data-item-class=\"edgtf-cf-2842\" data-font-size-680=\"30px\" data-line-height-680=\"30px\">\nRazem mo\u017cemy <span class=\"edgtf-cf-typed-wrap\"><span class=\"edgtf-cf-typed\"><span class=\"edgtf-cf-typed-1\">stworzy\u0107 wszystko.<\/span><\/span><\/span><\/h2>[vc_empty_space height=&#8221;70px&#8221;][\/vc_column][vc_column offset=&#8221;vc_col-lg-offset-0 vc_col-lg-12 vc_col-md-offset-0 vc_hidden-md vc_hidden-sm vc_hidden-xs&#8221;]<div class=\"edgtf-portfolio-list-holder edgtf-grid-list edgtf-disable-bottom-space edgtf-pl-gallery edgtf-five-columns edgtf-no-space edgtf-pl-standard-zoom-image   edgtf-pl-no-content edgtf-pl-pag-no-pagination     \"  data-type=gallery data-number-of-columns=five data-space-between-items=no data-number-of-items=5 data-image-proportions=full data-enable-fixed-proportions=no data-enable-image-shadow=no data-selected-projects=3802,3818,3931,3866,3998 data-orderby=menu_order data-order=ASC data-item-style=standard-zoom-image data-enable-title=no data-title-tag=h4 data-enable-category=no data-pagination-type=no-pagination data-filter=no data-filter-order-by=name data-enable-article-animation=no data-portfolio-slider-on=no data-enable-loop=yes data-enable-autoplay=yes data-slider-speed=5000 data-slider-speed-animation=600 data-enable-navigation=yes data-enable-pagination=yes data-enable-mousewheel-scroll=no data-max-num-pages=1 data-next-page=2>\n        <div class=\"edgtf-pl-inner edgtf-outer-space  clearfix\">\n        <article class=\"edgtf-pl-item edgtf-item-space  post-3802 portfolio-item type-portfolio-item status-publish has-post-thumbnail hentry\">\n    <div class=\"edgtf-pl-item-inner\">\n        <div class=\"edgtf-pli-image\">\n    <img loading=\"lazy\" decoding=\"async\" width=\"1000\" height=\"1000\" src=\"https:\/\/atelieridel.pl\/wp-content\/uploads\/2023\/09\/Naturativ-_-obsluga-kompleksowa-fotograficzna-i-graficzna.png\" class=\"attachment-full size-full wp-post-image\" alt=\"\" srcset=\"https:\/\/atelieridel.pl\/wp-content\/uploads\/2023\/09\/Naturativ-_-obsluga-kompleksowa-fotograficzna-i-graficzna.png 1000w, https:\/\/atelieridel.pl\/wp-content\/uploads\/2023\/09\/Naturativ-_-obsluga-kompleksowa-fotograficzna-i-graficzna-300x300.png 300w, https:\/\/atelieridel.pl\/wp-content\/uploads\/2023\/09\/Naturativ-_-obsluga-kompleksowa-fotograficzna-i-graficzna-150x150.png 150w, https:\/\/atelieridel.pl\/wp-content\/uploads\/2023\/09\/Naturativ-_-obsluga-kompleksowa-fotograficzna-i-graficzna-768x768.png 768w, https:\/\/atelieridel.pl\/wp-content\/uploads\/2023\/09\/Naturativ-_-obsluga-kompleksowa-fotograficzna-i-graficzna-550x550.png 550w, https:\/\/atelieridel.pl\/wp-content\/uploads\/2023\/09\/Naturativ-_-obsluga-kompleksowa-fotograficzna-i-graficzna-600x600.png 600w, https:\/\/atelieridel.pl\/wp-content\/uploads\/2023\/09\/Naturativ-_-obsluga-kompleksowa-fotograficzna-i-graficzna-100x100.png 100w\" sizes=\"(max-width: 1000px) 100vw, 1000px\" \/><\/div>\n<div class=\"edgtf-pli-text-holder\">\n    <div class=\"edgtf-pli-text-wrapper\">\n        <div class=\"edgtf-pli-text\">\n                                <\/div>\n    <\/div>\n<\/div>\n        <a itemprop=\"url\" class=\"edgtf-pli-link edgtf-block-drag-link\" href=\"https:\/\/atelieridel.pl\/index.php\/portfolio-item\/naturativ\/\" target=\"_self\"><\/a>\n    <\/div>\n<\/article><article class=\"edgtf-pl-item edgtf-item-space  post-3818 portfolio-item type-portfolio-item status-publish has-post-thumbnail hentry\">\n    <div class=\"edgtf-pl-item-inner\">\n        <div class=\"edgtf-pli-image\">\n    <img loading=\"lazy\" decoding=\"async\" width=\"1000\" height=\"1000\" src=\"https:\/\/atelieridel.pl\/wp-content\/uploads\/2023\/04\/Miasto-Tychy-_-kolazowa-identyfikacja-wizualna-miasta.png\" class=\"attachment-full size-full wp-post-image\" alt=\"\" srcset=\"https:\/\/atelieridel.pl\/wp-content\/uploads\/2023\/04\/Miasto-Tychy-_-kolazowa-identyfikacja-wizualna-miasta.png 1000w, https:\/\/atelieridel.pl\/wp-content\/uploads\/2023\/04\/Miasto-Tychy-_-kolazowa-identyfikacja-wizualna-miasta-300x300.png 300w, https:\/\/atelieridel.pl\/wp-content\/uploads\/2023\/04\/Miasto-Tychy-_-kolazowa-identyfikacja-wizualna-miasta-150x150.png 150w, https:\/\/atelieridel.pl\/wp-content\/uploads\/2023\/04\/Miasto-Tychy-_-kolazowa-identyfikacja-wizualna-miasta-768x768.png 768w, https:\/\/atelieridel.pl\/wp-content\/uploads\/2023\/04\/Miasto-Tychy-_-kolazowa-identyfikacja-wizualna-miasta-550x550.png 550w, https:\/\/atelieridel.pl\/wp-content\/uploads\/2023\/04\/Miasto-Tychy-_-kolazowa-identyfikacja-wizualna-miasta-600x600.png 600w, https:\/\/atelieridel.pl\/wp-content\/uploads\/2023\/04\/Miasto-Tychy-_-kolazowa-identyfikacja-wizualna-miasta-100x100.png 100w\" sizes=\"(max-width: 1000px) 100vw, 1000px\" \/><\/div>\n<div class=\"edgtf-pli-text-holder\">\n    <div class=\"edgtf-pli-text-wrapper\">\n        <div class=\"edgtf-pli-text\">\n                                <\/div>\n    <\/div>\n<\/div>\n        <a itemprop=\"url\" class=\"edgtf-pli-link edgtf-block-drag-link\" href=\"https:\/\/atelieridel.pl\/index.php\/portfolio-item\/miastotychy\/\" target=\"_self\"><\/a>\n    <\/div>\n<\/article><article class=\"edgtf-pl-item edgtf-item-space  post-3931 portfolio-item type-portfolio-item status-publish has-post-thumbnail hentry\">\n    <div class=\"edgtf-pl-item-inner\">\n        <div class=\"edgtf-pli-image\">\n    <img loading=\"lazy\" decoding=\"async\" width=\"1000\" height=\"1000\" src=\"https:\/\/atelieridel.pl\/wp-content\/uploads\/2024\/02\/Kolaze.png\" class=\"attachment-full size-full wp-post-image\" alt=\"\" srcset=\"https:\/\/atelieridel.pl\/wp-content\/uploads\/2024\/02\/Kolaze.png 1000w, https:\/\/atelieridel.pl\/wp-content\/uploads\/2024\/02\/Kolaze-300x300.png 300w, https:\/\/atelieridel.pl\/wp-content\/uploads\/2024\/02\/Kolaze-150x150.png 150w, https:\/\/atelieridel.pl\/wp-content\/uploads\/2024\/02\/Kolaze-768x768.png 768w, https:\/\/atelieridel.pl\/wp-content\/uploads\/2024\/02\/Kolaze-550x550.png 550w, https:\/\/atelieridel.pl\/wp-content\/uploads\/2024\/02\/Kolaze-600x600.png 600w, https:\/\/atelieridel.pl\/wp-content\/uploads\/2024\/02\/Kolaze-100x100.png 100w\" sizes=\"(max-width: 1000px) 100vw, 1000px\" \/><\/div>\n<div class=\"edgtf-pli-text-holder\">\n    <div class=\"edgtf-pli-text-wrapper\">\n        <div class=\"edgtf-pli-text\">\n                                <\/div>\n    <\/div>\n<\/div>\n        <a itemprop=\"url\" class=\"edgtf-pli-link edgtf-block-drag-link\" href=\"https:\/\/atelieridel.pl\/index.php\/portfolio-item\/kolaz\/\" target=\"_self\"><\/a>\n    <\/div>\n<\/article><article class=\"edgtf-pl-item edgtf-item-space  post-3866 portfolio-item type-portfolio-item status-publish has-post-thumbnail hentry\">\n    <div class=\"edgtf-pl-item-inner\">\n        <div class=\"edgtf-pli-image\">\n    <img loading=\"lazy\" decoding=\"async\" width=\"1000\" height=\"1000\" src=\"https:\/\/atelieridel.pl\/wp-content\/uploads\/2024\/02\/Publikacje.png\" class=\"attachment-full size-full wp-post-image\" alt=\"\" srcset=\"https:\/\/atelieridel.pl\/wp-content\/uploads\/2024\/02\/Publikacje.png 1000w, https:\/\/atelieridel.pl\/wp-content\/uploads\/2024\/02\/Publikacje-300x300.png 300w, https:\/\/atelieridel.pl\/wp-content\/uploads\/2024\/02\/Publikacje-150x150.png 150w, https:\/\/atelieridel.pl\/wp-content\/uploads\/2024\/02\/Publikacje-768x768.png 768w, https:\/\/atelieridel.pl\/wp-content\/uploads\/2024\/02\/Publikacje-550x550.png 550w, https:\/\/atelieridel.pl\/wp-content\/uploads\/2024\/02\/Publikacje-600x600.png 600w, https:\/\/atelieridel.pl\/wp-content\/uploads\/2024\/02\/Publikacje-100x100.png 100w\" sizes=\"(max-width: 1000px) 100vw, 1000px\" \/><\/div>\n<div class=\"edgtf-pli-text-holder\">\n    <div class=\"edgtf-pli-text-wrapper\">\n        <div class=\"edgtf-pli-text\">\n                                <\/div>\n    <\/div>\n<\/div>\n        <a itemprop=\"url\" class=\"edgtf-pli-link edgtf-block-drag-link\" href=\"https:\/\/atelieridel.pl\/index.php\/portfolio-item\/publikacje\/\" target=\"_self\"><\/a>\n    <\/div>\n<\/article><article class=\"edgtf-pl-item edgtf-item-space  post-3998 portfolio-item type-portfolio-item status-publish has-post-thumbnail hentry\">\n    <div class=\"edgtf-pl-item-inner\">\n        <div class=\"edgtf-pli-image\">\n    <img loading=\"lazy\" decoding=\"async\" width=\"1000\" height=\"1000\" src=\"https:\/\/atelieridel.pl\/wp-content\/uploads\/2024\/02\/logotypy.png\" class=\"attachment-full size-full wp-post-image\" alt=\"\" srcset=\"https:\/\/atelieridel.pl\/wp-content\/uploads\/2024\/02\/logotypy.png 1000w, https:\/\/atelieridel.pl\/wp-content\/uploads\/2024\/02\/logotypy-300x300.png 300w, https:\/\/atelieridel.pl\/wp-content\/uploads\/2024\/02\/logotypy-150x150.png 150w, https:\/\/atelieridel.pl\/wp-content\/uploads\/2024\/02\/logotypy-768x768.png 768w, https:\/\/atelieridel.pl\/wp-content\/uploads\/2024\/02\/logotypy-550x550.png 550w, https:\/\/atelieridel.pl\/wp-content\/uploads\/2024\/02\/logotypy-600x600.png 600w, https:\/\/atelieridel.pl\/wp-content\/uploads\/2024\/02\/logotypy-100x100.png 100w\" sizes=\"(max-width: 1000px) 100vw, 1000px\" \/><\/div>\n<div class=\"edgtf-pli-text-holder\">\n    <div class=\"edgtf-pli-text-wrapper\">\n        <div class=\"edgtf-pli-text\">\n                                <\/div>\n    <\/div>\n<\/div>\n        <a itemprop=\"url\" class=\"edgtf-pli-link edgtf-block-drag-link\" href=\"https:\/\/atelieridel.pl\/index.php\/portfolio-item\/logo\/\" target=\"_self\"><\/a>\n    <\/div>\n<\/article>    <\/div>\n\n    <\/div>[vc_empty_space height=&#8221;50px&#8221;][\/vc_column][\/vc_row][vc_row][vc_column offset=&#8221;vc_hidden-lg vc_col-sm-offset-0 vc_hidden-sm&#8221;]<div class=\"edgtf-portfolio-list-holder edgtf-grid-list edgtf-disable-bottom-space edgtf-pl-gallery edgtf-five-columns edgtf-no-space edgtf-pl-standard-zoom-image   edgtf-pl-no-content edgtf-pl-pag-no-pagination     \"  data-type=gallery data-number-of-columns=five data-space-between-items=no data-number-of-items=4 data-image-proportions=full data-enable-fixed-proportions=no data-enable-image-shadow=no data-selected-projects=3802,3818,3931,3866 data-orderby=menu_order data-order=ASC data-item-style=standard-zoom-image data-enable-title=no data-title-tag=h4 data-enable-category=no data-pagination-type=no-pagination data-filter=no data-filter-order-by=name data-enable-article-animation=no data-portfolio-slider-on=no data-enable-loop=yes data-enable-autoplay=yes data-slider-speed=5000 data-slider-speed-animation=600 data-enable-navigation=yes data-enable-pagination=yes data-enable-mousewheel-scroll=no data-max-num-pages=1 data-next-page=2>\n        <div class=\"edgtf-pl-inner edgtf-outer-space  clearfix\">\n        <article class=\"edgtf-pl-item edgtf-item-space  post-3802 portfolio-item type-portfolio-item status-publish has-post-thumbnail hentry\">\n    <div class=\"edgtf-pl-item-inner\">\n        <div class=\"edgtf-pli-image\">\n    <img loading=\"lazy\" decoding=\"async\" width=\"1000\" height=\"1000\" src=\"https:\/\/atelieridel.pl\/wp-content\/uploads\/2023\/09\/Naturativ-_-obsluga-kompleksowa-fotograficzna-i-graficzna.png\" class=\"attachment-full size-full wp-post-image\" alt=\"\" srcset=\"https:\/\/atelieridel.pl\/wp-content\/uploads\/2023\/09\/Naturativ-_-obsluga-kompleksowa-fotograficzna-i-graficzna.png 1000w, https:\/\/atelieridel.pl\/wp-content\/uploads\/2023\/09\/Naturativ-_-obsluga-kompleksowa-fotograficzna-i-graficzna-300x300.png 300w, https:\/\/atelieridel.pl\/wp-content\/uploads\/2023\/09\/Naturativ-_-obsluga-kompleksowa-fotograficzna-i-graficzna-150x150.png 150w, https:\/\/atelieridel.pl\/wp-content\/uploads\/2023\/09\/Naturativ-_-obsluga-kompleksowa-fotograficzna-i-graficzna-768x768.png 768w, https:\/\/atelieridel.pl\/wp-content\/uploads\/2023\/09\/Naturativ-_-obsluga-kompleksowa-fotograficzna-i-graficzna-550x550.png 550w, https:\/\/atelieridel.pl\/wp-content\/uploads\/2023\/09\/Naturativ-_-obsluga-kompleksowa-fotograficzna-i-graficzna-600x600.png 600w, https:\/\/atelieridel.pl\/wp-content\/uploads\/2023\/09\/Naturativ-_-obsluga-kompleksowa-fotograficzna-i-graficzna-100x100.png 100w\" sizes=\"(max-width: 1000px) 100vw, 1000px\" \/><\/div>\n<div class=\"edgtf-pli-text-holder\">\n    <div class=\"edgtf-pli-text-wrapper\">\n        <div class=\"edgtf-pli-text\">\n                                <\/div>\n    <\/div>\n<\/div>\n        <a itemprop=\"url\" class=\"edgtf-pli-link edgtf-block-drag-link\" href=\"https:\/\/atelieridel.pl\/index.php\/portfolio-item\/naturativ\/\" target=\"_self\"><\/a>\n    <\/div>\n<\/article><article class=\"edgtf-pl-item edgtf-item-space  post-3818 portfolio-item type-portfolio-item status-publish has-post-thumbnail hentry\">\n    <div class=\"edgtf-pl-item-inner\">\n        <div class=\"edgtf-pli-image\">\n    <img loading=\"lazy\" decoding=\"async\" width=\"1000\" height=\"1000\" src=\"https:\/\/atelieridel.pl\/wp-content\/uploads\/2023\/04\/Miasto-Tychy-_-kolazowa-identyfikacja-wizualna-miasta.png\" class=\"attachment-full size-full wp-post-image\" alt=\"\" srcset=\"https:\/\/atelieridel.pl\/wp-content\/uploads\/2023\/04\/Miasto-Tychy-_-kolazowa-identyfikacja-wizualna-miasta.png 1000w, https:\/\/atelieridel.pl\/wp-content\/uploads\/2023\/04\/Miasto-Tychy-_-kolazowa-identyfikacja-wizualna-miasta-300x300.png 300w, https:\/\/atelieridel.pl\/wp-content\/uploads\/2023\/04\/Miasto-Tychy-_-kolazowa-identyfikacja-wizualna-miasta-150x150.png 150w, https:\/\/atelieridel.pl\/wp-content\/uploads\/2023\/04\/Miasto-Tychy-_-kolazowa-identyfikacja-wizualna-miasta-768x768.png 768w, https:\/\/atelieridel.pl\/wp-content\/uploads\/2023\/04\/Miasto-Tychy-_-kolazowa-identyfikacja-wizualna-miasta-550x550.png 550w, https:\/\/atelieridel.pl\/wp-content\/uploads\/2023\/04\/Miasto-Tychy-_-kolazowa-identyfikacja-wizualna-miasta-600x600.png 600w, https:\/\/atelieridel.pl\/wp-content\/uploads\/2023\/04\/Miasto-Tychy-_-kolazowa-identyfikacja-wizualna-miasta-100x100.png 100w\" sizes=\"(max-width: 1000px) 100vw, 1000px\" \/><\/div>\n<div class=\"edgtf-pli-text-holder\">\n    <div class=\"edgtf-pli-text-wrapper\">\n        <div class=\"edgtf-pli-text\">\n                                <\/div>\n    <\/div>\n<\/div>\n        <a itemprop=\"url\" class=\"edgtf-pli-link edgtf-block-drag-link\" href=\"https:\/\/atelieridel.pl\/index.php\/portfolio-item\/miastotychy\/\" target=\"_self\"><\/a>\n    <\/div>\n<\/article><article class=\"edgtf-pl-item edgtf-item-space  post-3931 portfolio-item type-portfolio-item status-publish has-post-thumbnail hentry\">\n    <div class=\"edgtf-pl-item-inner\">\n        <div class=\"edgtf-pli-image\">\n    <img loading=\"lazy\" decoding=\"async\" width=\"1000\" height=\"1000\" src=\"https:\/\/atelieridel.pl\/wp-content\/uploads\/2024\/02\/Kolaze.png\" class=\"attachment-full size-full wp-post-image\" alt=\"\" srcset=\"https:\/\/atelieridel.pl\/wp-content\/uploads\/2024\/02\/Kolaze.png 1000w, https:\/\/atelieridel.pl\/wp-content\/uploads\/2024\/02\/Kolaze-300x300.png 300w, https:\/\/atelieridel.pl\/wp-content\/uploads\/2024\/02\/Kolaze-150x150.png 150w, https:\/\/atelieridel.pl\/wp-content\/uploads\/2024\/02\/Kolaze-768x768.png 768w, https:\/\/atelieridel.pl\/wp-content\/uploads\/2024\/02\/Kolaze-550x550.png 550w, https:\/\/atelieridel.pl\/wp-content\/uploads\/2024\/02\/Kolaze-600x600.png 600w, https:\/\/atelieridel.pl\/wp-content\/uploads\/2024\/02\/Kolaze-100x100.png 100w\" sizes=\"(max-width: 1000px) 100vw, 1000px\" \/><\/div>\n<div class=\"edgtf-pli-text-holder\">\n    <div class=\"edgtf-pli-text-wrapper\">\n        <div class=\"edgtf-pli-text\">\n                                <\/div>\n    <\/div>\n<\/div>\n        <a itemprop=\"url\" class=\"edgtf-pli-link edgtf-block-drag-link\" href=\"https:\/\/atelieridel.pl\/index.php\/portfolio-item\/kolaz\/\" target=\"_self\"><\/a>\n    <\/div>\n<\/article><article class=\"edgtf-pl-item edgtf-item-space  post-3866 portfolio-item type-portfolio-item status-publish has-post-thumbnail hentry\">\n    <div class=\"edgtf-pl-item-inner\">\n        <div class=\"edgtf-pli-image\">\n    <img loading=\"lazy\" decoding=\"async\" width=\"1000\" height=\"1000\" src=\"https:\/\/atelieridel.pl\/wp-content\/uploads\/2024\/02\/Publikacje.png\" class=\"attachment-full size-full wp-post-image\" alt=\"\" srcset=\"https:\/\/atelieridel.pl\/wp-content\/uploads\/2024\/02\/Publikacje.png 1000w, https:\/\/atelieridel.pl\/wp-content\/uploads\/2024\/02\/Publikacje-300x300.png 300w, https:\/\/atelieridel.pl\/wp-content\/uploads\/2024\/02\/Publikacje-150x150.png 150w, https:\/\/atelieridel.pl\/wp-content\/uploads\/2024\/02\/Publikacje-768x768.png 768w, https:\/\/atelieridel.pl\/wp-content\/uploads\/2024\/02\/Publikacje-550x550.png 550w, https:\/\/atelieridel.pl\/wp-content\/uploads\/2024\/02\/Publikacje-600x600.png 600w, https:\/\/atelieridel.pl\/wp-content\/uploads\/2024\/02\/Publikacje-100x100.png 100w\" sizes=\"(max-width: 1000px) 100vw, 1000px\" \/><\/div>\n<div class=\"edgtf-pli-text-holder\">\n    <div class=\"edgtf-pli-text-wrapper\">\n        <div class=\"edgtf-pli-text\">\n                                <\/div>\n    <\/div>\n<\/div>\n        <a itemprop=\"url\" class=\"edgtf-pli-link edgtf-block-drag-link\" href=\"https:\/\/atelieridel.pl\/index.php\/portfolio-item\/publikacje\/\" target=\"_self\"><\/a>\n    <\/div>\n<\/article>    <\/div>\n\n    <\/div>[vc_empty_space height=&#8221;50px&#8221;][\/vc_column][\/vc_row][vc_row][vc_column offset=&#8221;vc_hidden-lg vc_hidden-md vc_col-sm-offset-0 vc_hidden-xs&#8221;]<div class=\"edgtf-portfolio-list-holder edgtf-grid-list edgtf-disable-bottom-space edgtf-pl-gallery edgtf-five-columns edgtf-no-space edgtf-pl-standard-zoom-image   edgtf-pl-no-content edgtf-pl-pag-no-pagination     \"  data-type=gallery data-number-of-columns=five data-space-between-items=no data-number-of-items=4 data-image-proportions=full data-enable-fixed-proportions=no data-enable-image-shadow=no data-selected-projects=3802,3818,3866 data-orderby=menu_order data-order=ASC data-item-style=standard-zoom-image data-enable-title=no data-title-tag=h4 data-enable-category=no data-pagination-type=no-pagination data-filter=no data-filter-order-by=name data-enable-article-animation=no data-portfolio-slider-on=no data-enable-loop=yes data-enable-autoplay=yes data-slider-speed=5000 data-slider-speed-animation=600 data-enable-navigation=yes data-enable-pagination=yes data-enable-mousewheel-scroll=no data-max-num-pages=1 data-next-page=2>\n        <div class=\"edgtf-pl-inner edgtf-outer-space  clearfix\">\n        <article class=\"edgtf-pl-item edgtf-item-space  post-3802 portfolio-item type-portfolio-item status-publish has-post-thumbnail hentry\">\n    <div class=\"edgtf-pl-item-inner\">\n        <div class=\"edgtf-pli-image\">\n    <img loading=\"lazy\" decoding=\"async\" width=\"1000\" height=\"1000\" src=\"https:\/\/atelieridel.pl\/wp-content\/uploads\/2023\/09\/Naturativ-_-obsluga-kompleksowa-fotograficzna-i-graficzna.png\" class=\"attachment-full size-full wp-post-image\" alt=\"\" srcset=\"https:\/\/atelieridel.pl\/wp-content\/uploads\/2023\/09\/Naturativ-_-obsluga-kompleksowa-fotograficzna-i-graficzna.png 1000w, https:\/\/atelieridel.pl\/wp-content\/uploads\/2023\/09\/Naturativ-_-obsluga-kompleksowa-fotograficzna-i-graficzna-300x300.png 300w, https:\/\/atelieridel.pl\/wp-content\/uploads\/2023\/09\/Naturativ-_-obsluga-kompleksowa-fotograficzna-i-graficzna-150x150.png 150w, https:\/\/atelieridel.pl\/wp-content\/uploads\/2023\/09\/Naturativ-_-obsluga-kompleksowa-fotograficzna-i-graficzna-768x768.png 768w, https:\/\/atelieridel.pl\/wp-content\/uploads\/2023\/09\/Naturativ-_-obsluga-kompleksowa-fotograficzna-i-graficzna-550x550.png 550w, https:\/\/atelieridel.pl\/wp-content\/uploads\/2023\/09\/Naturativ-_-obsluga-kompleksowa-fotograficzna-i-graficzna-600x600.png 600w, https:\/\/atelieridel.pl\/wp-content\/uploads\/2023\/09\/Naturativ-_-obsluga-kompleksowa-fotograficzna-i-graficzna-100x100.png 100w\" sizes=\"(max-width: 1000px) 100vw, 1000px\" \/><\/div>\n<div class=\"edgtf-pli-text-holder\">\n    <div class=\"edgtf-pli-text-wrapper\">\n        <div class=\"edgtf-pli-text\">\n                                <\/div>\n    <\/div>\n<\/div>\n        <a itemprop=\"url\" class=\"edgtf-pli-link edgtf-block-drag-link\" href=\"https:\/\/atelieridel.pl\/index.php\/portfolio-item\/naturativ\/\" target=\"_self\"><\/a>\n    <\/div>\n<\/article><article class=\"edgtf-pl-item edgtf-item-space  post-3818 portfolio-item type-portfolio-item status-publish has-post-thumbnail hentry\">\n    <div class=\"edgtf-pl-item-inner\">\n        <div class=\"edgtf-pli-image\">\n    <img loading=\"lazy\" decoding=\"async\" width=\"1000\" height=\"1000\" src=\"https:\/\/atelieridel.pl\/wp-content\/uploads\/2023\/04\/Miasto-Tychy-_-kolazowa-identyfikacja-wizualna-miasta.png\" class=\"attachment-full size-full wp-post-image\" alt=\"\" srcset=\"https:\/\/atelieridel.pl\/wp-content\/uploads\/2023\/04\/Miasto-Tychy-_-kolazowa-identyfikacja-wizualna-miasta.png 1000w, https:\/\/atelieridel.pl\/wp-content\/uploads\/2023\/04\/Miasto-Tychy-_-kolazowa-identyfikacja-wizualna-miasta-300x300.png 300w, https:\/\/atelieridel.pl\/wp-content\/uploads\/2023\/04\/Miasto-Tychy-_-kolazowa-identyfikacja-wizualna-miasta-150x150.png 150w, https:\/\/atelieridel.pl\/wp-content\/uploads\/2023\/04\/Miasto-Tychy-_-kolazowa-identyfikacja-wizualna-miasta-768x768.png 768w, https:\/\/atelieridel.pl\/wp-content\/uploads\/2023\/04\/Miasto-Tychy-_-kolazowa-identyfikacja-wizualna-miasta-550x550.png 550w, https:\/\/atelieridel.pl\/wp-content\/uploads\/2023\/04\/Miasto-Tychy-_-kolazowa-identyfikacja-wizualna-miasta-600x600.png 600w, https:\/\/atelieridel.pl\/wp-content\/uploads\/2023\/04\/Miasto-Tychy-_-kolazowa-identyfikacja-wizualna-miasta-100x100.png 100w\" sizes=\"(max-width: 1000px) 100vw, 1000px\" \/><\/div>\n<div class=\"edgtf-pli-text-holder\">\n    <div class=\"edgtf-pli-text-wrapper\">\n        <div class=\"edgtf-pli-text\">\n                                <\/div>\n    <\/div>\n<\/div>\n        <a itemprop=\"url\" class=\"edgtf-pli-link edgtf-block-drag-link\" href=\"https:\/\/atelieridel.pl\/index.php\/portfolio-item\/miastotychy\/\" target=\"_self\"><\/a>\n    <\/div>\n<\/article><article class=\"edgtf-pl-item edgtf-item-space  post-3866 portfolio-item type-portfolio-item status-publish has-post-thumbnail hentry\">\n    <div class=\"edgtf-pl-item-inner\">\n        <div class=\"edgtf-pli-image\">\n    <img loading=\"lazy\" decoding=\"async\" width=\"1000\" height=\"1000\" src=\"https:\/\/atelieridel.pl\/wp-content\/uploads\/2024\/02\/Publikacje.png\" class=\"attachment-full size-full wp-post-image\" alt=\"\" srcset=\"https:\/\/atelieridel.pl\/wp-content\/uploads\/2024\/02\/Publikacje.png 1000w, https:\/\/atelieridel.pl\/wp-content\/uploads\/2024\/02\/Publikacje-300x300.png 300w, https:\/\/atelieridel.pl\/wp-content\/uploads\/2024\/02\/Publikacje-150x150.png 150w, https:\/\/atelieridel.pl\/wp-content\/uploads\/2024\/02\/Publikacje-768x768.png 768w, https:\/\/atelieridel.pl\/wp-content\/uploads\/2024\/02\/Publikacje-550x550.png 550w, https:\/\/atelieridel.pl\/wp-content\/uploads\/2024\/02\/Publikacje-600x600.png 600w, https:\/\/atelieridel.pl\/wp-content\/uploads\/2024\/02\/Publikacje-100x100.png 100w\" sizes=\"(max-width: 1000px) 100vw, 1000px\" \/><\/div>\n<div class=\"edgtf-pli-text-holder\">\n    <div class=\"edgtf-pli-text-wrapper\">\n        <div class=\"edgtf-pli-text\">\n                                <\/div>\n    <\/div>\n<\/div>\n        <a itemprop=\"url\" class=\"edgtf-pli-link edgtf-block-drag-link\" href=\"https:\/\/atelieridel.pl\/index.php\/portfolio-item\/publikacje\/\" target=\"_self\"><\/a>\n    <\/div>\n<\/article>    <\/div>\n\n    <\/div>[vc_empty_space height=&#8221;50px&#8221;][\/vc_column][\/vc_row][vc_row css=&#8221;.vc_custom_1681593619579{background-color: #ffffff !important;}&#8221;][vc_column width=&#8221;1\/4&#8243;]<div class=\"edgtf-counter-holder \">\n    <div class=\"edgtf-counter-inner\">\n                    <span class=\"edgtf-counter edgtf-zero-counter\" style=\"color: #566649\">13<\/span>\n                        <h5 class=\"edgtf-counter-title\" style=\"color: #566649\">\n        lat do\u015bwiadczenia    <\/h5>\n        <\/div>\n<\/div>[vc_empty_space height=&#8221;50px&#8221;][\/vc_column][vc_column width=&#8221;1\/4&#8243;]<div class=\"edgtf-counter-holder \">\n    <div class=\"edgtf-counter-inner\">\n                    <span class=\"edgtf-counter edgtf-zero-counter\" style=\"color: #566649\">223<\/span>\n                        <h5 class=\"edgtf-counter-title\" style=\"color: #566649\">\n        zadowolonych klient\u00f3w    <\/h5>\n        <\/div>\n<\/div>[vc_empty_space height=&#8221;50px&#8221;][\/vc_column][vc_column width=&#8221;1\/4&#8243;]<div class=\"edgtf-counter-holder \">\n    <div class=\"edgtf-counter-inner\">\n                    <span class=\"edgtf-counter edgtf-zero-counter\" style=\"color: #566649\">200<\/span>\n                        <h5 class=\"edgtf-counter-title\" style=\"color: #566649\">\n        % kreatywno\u015bci    <\/h5>\n        <\/div>\n<\/div>[vc_empty_space height=&#8221;50px&#8221;][\/vc_column][vc_column width=&#8221;1\/4&#8243;]<div class=\"edgtf-counter-holder \">\n    <div class=\"edgtf-counter-inner\">\n                    <span class=\"edgtf-counter edgtf-zero-counter\" style=\"color: #566649\">100%<\/span>\n                        <h5 class=\"edgtf-counter-title\" style=\"color: #566649\">\n        % Twojej satysfakcji    <\/h5>\n        <\/div>\n<\/div>[vc_empty_space height=&#8221;50px&#8221;][\/vc_column][\/vc_row][vc_row equal_height=&#8221;yes&#8221; content_placement=&#8221;middle&#8221;][vc_column width=&#8221;2\/3&#8243;]<h2 class=\"edgtf-custom-font-holder  edgtf-cf-4079  \"  data-item-class=\"edgtf-cf-4079\">\nReferencje<\/h2><div class=\"edgtf-elements-holder   edgtf-one-column  edgtf-responsive-mode-768 edgtf-one-column-alignment-left\" ><div class=\"edgtf-eh-item    \"  data-item-class=\"edgtf-eh-custom-4829\">\n    <div class=\"edgtf-eh-item-inner\">\n        <div class=\"edgtf-eh-item-content edgtf-eh-custom-4829\" >\n            [vc_tta_pageable no_fill_content_area=&#8221;true&#8221; autoplay=&#8221;10&#8243; active_section=&#8221;1&#8243;][vc_tta_section title=&#8221;Dzia\u0142 2&#8243; tab_id=&#8221;1694971289630-dc42c10a-368a&#8221;][vc_column_text]<\/p>\n<div class=\"page\" title=\"Page 5\">\n<div class=\"section\">\n<div class=\"layoutArea\">\n<div class=\"column\">\n<p><em><strong>Ma\u0142orzata Bieniek Copywriter &amp; Consulting<\/strong><\/em><\/p>\n<p>Agnieszka to grafik od zadan\u0301 specjalnych, a moz\u0307e nawet i magik. Wyczaruje \u201ecos\u0301 z niczego\u201d, zrobi \u201ena wczoraj\u201d, zna sporo sztuczek graficznych i jak z kapelusza wycia\u0328ga nowe pomys\u0142y na projekty. Mnie czaruje (a w\u0142as\u0301ciwie oczarowuje) juz\u0307 prawie 10 lat i mam nadzieje\u0328, z\u0307e zostanie na d\u0142uz\u0307ej.<\/p>\n<\/div>\n<\/div>\n<\/div>\n<\/div>\n<p>[\/vc_column_text][\/vc_tta_section][vc_tta_section title=&#8221;Dzia\u0142&#8221; tab_id=&#8221;1694971510002-0ac6bf48-062b&#8221;][vc_column_text]<\/p>\n<div class=\"page\" title=\"Page 6\">\n<div class=\"section\">\n<div class=\"layoutArea\">\n<div class=\"column\">\n<p><em><strong>Naturativ<\/strong><\/em><\/p>\n<p>Marka Naturativ wspo\u0301\u0142pracowa\u0142a z Pania\u0328 Agnieszka\u0328 Seidel-Koz\u0307uch w latach 2019-2023 w zakresie us\u0142ug graficznych. Pani Agnieszka Seidel-Koz\u0307uch tworzy\u0142a dla Naturativ projekty graficzne reklam, newslettero\u0301w, banero\u0301w, stron internetowych oraz innych materia\u0142o\u0301w promuja\u0328cych nasze kosmetyki. Wszelkie zlecone prace by\u0142y zawsze wykonywane z nalez\u0307yta\u0328 starannos\u0301cia\u0328, rzetelnos\u0301cia\u0328 i dok\u0142adnos\u0301cia\u0328. Na szczego\u0301lna\u0328 uwage\u0328 zas\u0142uguje wysoka kultura osobista, a takz\u0307e terminowos\u0301c\u0301 i profesjonalizm wykonania powierzonych us\u0142ug. Jestes\u0301my bardzo zadowoleni ze wspo\u0301\u0142pracy z Pania\u0328 Agnieszka\u0328 Seidel-Koz\u0307uch i moz\u0307emy polecic\u0301 jej firme\u0328 jako rzetelna\u0328.Jestem przekonana, z\u0307e kaz\u0307de powierzone jej zadanie zostanie zrealizowane zgodnie z oczekiwaniami, a poziom s\u0301wiadczonych us\u0142ug be\u0328dzie na najwyz\u0307szym poziomie.<\/p>\n<\/div>\n<\/div>\n<\/div>\n<\/div>\n<p>[\/vc_column_text][\/vc_tta_section][vc_tta_section title=&#8221;Chod\u017c na lody&#8221; tab_id=&#8221;1694971289613-a069237b-1f9b&#8221;][vc_column_text]<\/p>\n<div class=\"page\" title=\"Page 5\">\n<div class=\"section\">\n<div class=\"layoutArea\">\n<div class=\"column\">\n<div class=\"page\" title=\"Page 5\">\n<div class=\"section\">\n<div class=\"layoutArea\">\n<div class=\"column\">\n<p><strong><em>Chodz\u0307 na lody<\/em><\/strong><\/p>\n<p>Stoja\u0328ca za Atelier Idel Agnieszka Seidel-Koz\u0307uch stworzy\u0142a dla nas prawdziwe cudo! Jestes\u0301my bardzo, bardzo zadowoleni z efektu. To by\u0142o w\u0142as\u0301nie to, czego chcielis\u0301my i Agnieszce uda\u0142o sie\u0328 trafic\u0301 w sedno naszych oczekiwan\u0301. Wszystko jest po prostu pie\u0328kne! Bardzo dzie\u0328kujemy i gora\u0328co polecamy Atelier Idel do projekto\u0301w wszelakich ta Pani wie, co robi \ud83d\ude42<\/p>\n<\/div>\n<\/div>\n<\/div>\n<\/div>\n<\/div>\n<\/div>\n<\/div>\n<\/div>\n<p>[\/vc_column_text][\/vc_tta_section][vc_tta_section title=&#8221;Dzia\u0142&#8221; tab_id=&#8221;1694971461270-59490f17-ce20&#8243;][vc_column_text]<\/p>\n<div class=\"page\" title=\"Page 5\">\n<div class=\"section\">\n<div class=\"layoutArea\">\n<div class=\"column\">\n<p><em><strong>Plantaris Agnieszka Nowotnik &#8211; podolog<\/strong><\/em><\/p>\n<p>S\u0301wietna dziewczyna! ogromna wiedza, nieprzecie\u0328tna kreatywnos\u0301c\u0301 do tego szalona pewnos\u0301ci siebie i wielka gars\u0301c\u0301 skromnos\u0301ci. Takie po\u0142a\u0328czenie daje mega torpede\u0328 barwnych pomys\u0142o\u0301w.<\/p>\n<\/div>\n<\/div>\n<\/div>\n<\/div>\n<p>[\/vc_column_text][\/vc_tta_section][vc_tta_section title=&#8221;Dzia\u0142&#8221; tab_id=&#8221;1696097891353-07f614ec-9d8c&#8221;][vc_column_text]<strong>Fameks<\/strong><\/p>\n<p>Agnieszka jest prawdziw\u0105 czarodziejk\u0105!<br \/>\nSesja produktowa, kt\u00f3r\u0105 wykona\u0142a dla naszej firmy przesz\u0142a naj\u015bmielsze oczekiwania.\u00a0Proste produkty do u\u017cytku codziennego przedstawi\u0142a z innej perspektywy, w elegancki i wyszukany spos\u00f3b. Dzi\u0119ki zdj\u0119ciom Agnieszki nasza strona zyska\u0142a nowy brand, a zaprezentowane produkty wygl\u0105daj\u0105 bardzo atrakcyjnie, co przed\u0142o\u017cy si\u0119 na ich sprzeda\u017c. Pe\u0142en profesjonalizm, zaanga\u017cowanie oraz terminowo\u015b\u0107 sprawiaj\u0105, \u017ce wsp\u00f3\u0142praca z Atelier Idel to prawdziwa przyjemno\u015b\u0107[\/vc_column_text][\/vc_tta_section][vc_tta_section title=&#8221;Dzia\u0142&#8221; tab_id=&#8221;1696097511959-8814c2a5-81c6&#8243;][vc_column_text]<strong>Monika Wi\u015bniewska &#8211; Radosna Strona Zmiany<\/strong><\/p>\n<p>Agnieszka pracuje z pasj\u0105 i zaanga\u017cowaniem. Ma unikalne wyczucie stylu i proponuje dojrza\u0142e biznesowo, przemy\u015blane rozwi\u0105zania. Jest rzetelna, terminowa i potrafi s\u0142ucha\u0107 potrzeb klient\u00f3w. Robi tak\u017ce pi\u0119kne zdj\u0119cia:) Polecam ca\u0142ym sercem![\/vc_column_text][\/vc_tta_section][vc_tta_section title=&#8221;Dzia\u0142&#8221; tab_id=&#8221;1707854385274-1d2fa527-ff75&#8243;][vc_column_text]<strong>WarPol Info<\/strong><\/p>\n<p>Wsp\u00f3\u0142pracujemy z Agnieszk\u0105 od przesz\u0142o dw\u00f3ch lat. Powierzyli\u015bmy jej piecz\u0119 nad wszystkimi projektami graficznymi, w tym pomoc w przygotowaniu dw\u00f3ch edycji targ\u00f3w firmowych. Agnieszk\u0119 cechuje pe\u0142en profesjonalizm, oddanie, nieszablonowe pomys\u0142y, \u015bledzenie i dzia\u0142anie wed\u0142ug bie\u017c\u0105cych trend\u00f3w graficznych oraz sumienno\u015b\u0107. W sytuacjach kryzysowych mo\u017cemy liczy\u0107 na b\u0142yskawiczn\u0105 interwencj\u0119 i pomoc. Z ca\u0142ego serca polecam![\/vc_column_text][\/vc_tta_section][\/vc_tta_pageable]        <\/div>\n    <\/div>\n<\/div><\/div>[\/vc_column][vc_column width=&#8221;1\/3&#8243;]<div class=\"edgtf-single-image-holder   \">\n    <div class=\"edgtf-si-inner\" >\n                                            <img loading=\"lazy\" decoding=\"async\" width=\"1200\" height=\"1200\" src=\"https:\/\/atelieridel.pl\/wp-content\/uploads\/2023\/09\/giff_atelieridel_recenzje.gif\" class=\"attachment-full size-full\" alt=\"\" \/>                                    <\/div>\n<\/div>[vc_empty_space height=&#8221;50&#8243;][\/vc_column][\/vc_row][vc_row el_id=&#8221;kontakt&#8221;][vc_column width=&#8221;1\/2&#8243; offset=&#8221;vc_hidden-xs&#8221;]<h2 class=\"edgtf-custom-font-holder  edgtf-cf-9739  \"  data-item-class=\"edgtf-cf-9739\">\nKontakt<\/h2>[vc_empty_space height=&#8221;30px&#8221;][\/vc_column][vc_column width=&#8221;1\/2&#8243; offset=&#8221;vc_hidden-xs&#8221;][vc_row_inner][vc_column_inner width=&#8221;1\/6&#8243;][\/vc_column_inner][vc_column_inner width=&#8221;1\/6&#8243;][\/vc_column_inner][vc_column_inner width=&#8221;1\/6&#8243;][\/vc_column_inner][vc_column_inner width=&#8221;1\/6&#8243;][\/vc_column_inner][vc_column_inner width=&#8221;1\/6&#8243;][\/vc_column_inner][vc_column_inner width=&#8221;1\/6&#8243;][\/vc_column_inner][\/vc_row_inner][\/vc_column][\/vc_row][vc_row content_placement=&#8221;top&#8221;][vc_column width=&#8221;1\/3&#8243; offset=&#8221;vc_hidden-xs&#8221;]<div class=\"edgtf-single-image-holder   \">\n    <div class=\"edgtf-si-inner\" >\n                                            <img loading=\"lazy\" decoding=\"async\" width=\"1200\" height=\"1200\" src=\"https:\/\/atelieridel.pl\/wp-content\/uploads\/2023\/09\/giff_atelieridel_kontakt.gif\" class=\"attachment-full size-full\" alt=\"\" \/>                                    <\/div>\n<\/div>[vc_empty_space height=&#8221;55&#8243;][vc_row_inner equal_height=&#8221;yes&#8221; css=&#8221;.vc_custom_1694972946688{padding-left: 85px !important;}&#8221;][vc_column_inner width=&#8221;1\/6&#8243;][vc_icon icon_fontawesome=&#8221;fab fa-instagram&#8221; color=&#8221;custom&#8221; link=&#8221;url:https%3A%2F%2Fwww.instagram.com%2Fatelier_idel%2F|target:_blank|rel:nofollow&#8221; custom_color=&#8221;#566649&#8243;][\/vc_column_inner][vc_column_inner width=&#8221;1\/6&#8243;][vc_icon icon_fontawesome=&#8221;fab fa-facebook-f&#8221; color=&#8221;custom&#8221; link=&#8221;url:https%3A%2F%2Fwww.facebook.com%2Fatelieridel|target:_blank|rel:nofollow&#8221; custom_color=&#8221;#566649&#8243;][\/vc_column_inner][vc_column_inner width=&#8221;1\/6&#8243;][vc_empty_space][\/vc_column_inner][vc_column_inner width=&#8221;1\/6&#8243;][vc_empty_space][\/vc_column_inner][vc_column_inner width=&#8221;1\/6&#8243;][vc_empty_space][\/vc_column_inner][vc_column_inner width=&#8221;1\/6&#8243;][vc_empty_space][\/vc_column_inner][\/vc_row_inner][\/vc_column][vc_column width=&#8221;1\/3&#8243; offset=&#8221;vc_hidden-xs&#8221;]\n<div class=\"wpcf7 no-js\" id=\"wpcf7-f7-o1\" lang=\"pl-PL\" dir=\"ltr\">\n<div class=\"screen-reader-response\"><p role=\"status\" aria-live=\"polite\" aria-atomic=\"true\"><\/p> <ul><\/ul><\/div>\n<form action=\"\/index.php\/wp-json\/wp\/v2\/pages\/302#wpcf7-f7-o1\" method=\"post\" class=\"wpcf7-form init cf7_custom_style_3\" aria-label=\"Formularz kontaktowy\" novalidate=\"novalidate\" data-status=\"init\">\n<div style=\"display: none;\">\n<input type=\"hidden\" name=\"_wpcf7\" value=\"7\" \/>\n<input type=\"hidden\" name=\"_wpcf7_version\" value=\"5.8.7\" \/>\n<input type=\"hidden\" name=\"_wpcf7_locale\" value=\"pl_PL\" \/>\n<input type=\"hidden\" name=\"_wpcf7_unit_tag\" value=\"wpcf7-f7-o1\" \/>\n<input type=\"hidden\" name=\"_wpcf7_container_post\" value=\"0\" \/>\n<input type=\"hidden\" name=\"_wpcf7_posted_data_hash\" value=\"\" \/>\n<input type=\"hidden\" name=\"_wpcf7_recaptcha_response\" value=\"\" \/>\n<\/div>\n<p><label> Twoje imi\u0119 i nazwisko<br \/>\n<span class=\"wpcf7-form-control-wrap\" data-name=\"your-name\"><input size=\"40\" class=\"wpcf7-form-control wpcf7-text wpcf7-validates-as-required\" autocomplete=\"name\" aria-required=\"true\" aria-invalid=\"false\" value=\"\" type=\"text\" name=\"your-name\" \/><\/span> <\/label>\n<\/p>\n<p><label> Tw\u00f3j adres e-mail<br \/>\n<span class=\"wpcf7-form-control-wrap\" data-name=\"your-email\"><input size=\"40\" class=\"wpcf7-form-control wpcf7-email wpcf7-validates-as-required wpcf7-text wpcf7-validates-as-email\" autocomplete=\"email\" aria-required=\"true\" aria-invalid=\"false\" value=\"\" type=\"email\" name=\"your-email\" \/><\/span> <\/label>\n<\/p>\n<p><label> Temat<br \/>\n<span class=\"wpcf7-form-control-wrap\" data-name=\"your-subject\"><input size=\"40\" class=\"wpcf7-form-control wpcf7-text wpcf7-validates-as-required\" aria-required=\"true\" aria-invalid=\"false\" value=\"\" type=\"text\" name=\"your-subject\" \/><\/span> <\/label>\n<\/p>\n<p><label> Twoja wiadomo\u015bci<br \/>\n<span class=\"wpcf7-form-control-wrap\" data-name=\"text-999\"><input size=\"40\" class=\"wpcf7-form-control wpcf7-text\" aria-invalid=\"false\" value=\"\" type=\"text\" name=\"text-999\" \/><\/span> <\/label><br \/>\n<input class=\"wpcf7-form-control wpcf7-submit has-spinner\" type=\"submit\" value=\"Wy\u015blij\" \/>\n<\/p><p style=\"display: none !important;\" class=\"akismet-fields-container\" data-prefix=\"_wpcf7_ak_\"><label>&#916;<textarea name=\"_wpcf7_ak_hp_textarea\" cols=\"45\" rows=\"8\" maxlength=\"100\"><\/textarea><\/label><input type=\"hidden\" id=\"ak_js_1\" name=\"_wpcf7_ak_js\" value=\"68\"\/><script>document.getElementById( \"ak_js_1\" ).setAttribute( \"value\", ( new Date() ).getTime() );<\/script><\/p><div class=\"wpcf7-response-output\" aria-hidden=\"true\"><\/div>\n<\/form>\n<\/div>\n[vc_empty_space height=&#8221;50&#8243;][\/vc_column][vc_column width=&#8221;1\/3&#8243; offset=&#8221;vc_hidden-xs&#8221;][vc_column_text css=&#8221;.vc_custom_1696097808478{padding-top: 15px !important;}&#8221;]<\/p>\n<div class=\"page\" title=\"Page 4\">\n<div class=\"layoutArea\">\n<div class=\"column\">\n<p><strong>Zaczynamy? Trzy, dwa, jeden \u2013 start!<\/strong><br \/>\nOpowiedz mi troche\u0328 o sobie i swojej firmie. Napisz czego potrzebujesz, co lubisz, o czym marzysz i jakie sa\u0328 Twoje oczekiwania. Gotowe? Super! Teraz daj mi odrobine\u0328 czasu, abym mog\u0142a zapoznac\u0301 sie\u0328 z Twoja\u0328 potrzeba\u0328 i przygotowac\u0301 oferte\u0328 dedykowana\u0328 tylko Tobie. Kaz\u0307da potrzeba jest inna, wie\u0328c wymaga indywidualnego podejs\u0301cia i precyzji. Zanim sie\u0328 zorientujesz, wro\u0301ce\u0328 do Ciebie ze spersonalizowana\u0328 oferta\u0328 i wycena\u0328.<\/p>\n<p><strong><a href=\"mailto:kontakt@atelieridel.pl\">kontakt@atelieridel.pl<\/a><\/strong><br \/>\n<strong>tel: +48 720 849 378<\/strong><\/p>\n<\/div>\n<\/div>\n<\/div>\n<p>[\/vc_column_text][\/vc_column][\/vc_row][vc_row][vc_column offset=&#8221;vc_hidden-lg vc_hidden-md vc_hidden-sm&#8221;]<h2 class=\"edgtf-custom-font-holder  edgtf-cf-9007  \"  data-item-class=\"edgtf-cf-9007\">\nKontakt<\/h2><div class=\"edgtf-single-image-holder   \">\n    <div class=\"edgtf-si-inner\" >\n                                            <img loading=\"lazy\" decoding=\"async\" width=\"1200\" height=\"1200\" src=\"https:\/\/atelieridel.pl\/wp-content\/uploads\/2023\/09\/giff_atelieridel_kontakt.gif\" class=\"attachment-full size-full\" alt=\"\" \/>                                    <\/div>\n<\/div>[vc_column_text css=&#8221;.vc_custom_1696097808478{padding-top: 15px !important;}&#8221;]<\/p>\n<div class=\"page\" title=\"Page 4\">\n<div class=\"layoutArea\">\n<div class=\"column\">\n<p><strong>Zaczynamy? Trzy, dwa, jeden \u2013 start!<\/strong><br \/>\nOpowiedz mi troche\u0328 o sobie i swojej firmie. Napisz czego potrzebujesz, co lubisz, o czym marzysz i jakie sa\u0328 Twoje oczekiwania. Gotowe? Super! Teraz daj mi odrobine\u0328 czasu, abym mog\u0142a zapoznac\u0301 sie\u0328 z Twoja\u0328 potrzeba\u0328 i przygotowac\u0301 oferte\u0328 dedykowana\u0328 tylko Tobie. Kaz\u0307da potrzeba jest inna, wie\u0328c wymaga indywidualnego podejs\u0301cia i precyzji. Zanim sie\u0328 zorientujesz, wro\u0301ce\u0328 do Ciebie ze spersonalizowana\u0328 oferta\u0328 i wycena\u0328.<\/p>\n<p><strong><a href=\"mailto:kontakt@atelieridel.pl\">kontakt@atelieridel.pl<\/a><\/strong><br \/>\n<strong>tel: +48 720 849 378<\/strong><\/p>\n<\/div>\n<\/div>\n<\/div>\n<p>[\/vc_column_text][vc_empty_space height=&#8221;50&#8243;]\n<div class=\"wpcf7 no-js\" id=\"wpcf7-f7-o2\" lang=\"pl-PL\" dir=\"ltr\">\n<div class=\"screen-reader-response\"><p role=\"status\" aria-live=\"polite\" aria-atomic=\"true\"><\/p> <ul><\/ul><\/div>\n<form action=\"\/index.php\/wp-json\/wp\/v2\/pages\/302#wpcf7-f7-o2\" method=\"post\" class=\"wpcf7-form init cf7_custom_style_3\" aria-label=\"Formularz kontaktowy\" novalidate=\"novalidate\" data-status=\"init\">\n<div style=\"display: none;\">\n<input type=\"hidden\" name=\"_wpcf7\" value=\"7\" \/>\n<input type=\"hidden\" name=\"_wpcf7_version\" value=\"5.8.7\" \/>\n<input type=\"hidden\" name=\"_wpcf7_locale\" value=\"pl_PL\" \/>\n<input type=\"hidden\" name=\"_wpcf7_unit_tag\" value=\"wpcf7-f7-o2\" \/>\n<input type=\"hidden\" name=\"_wpcf7_container_post\" value=\"0\" \/>\n<input type=\"hidden\" name=\"_wpcf7_posted_data_hash\" value=\"\" \/>\n<input type=\"hidden\" name=\"_wpcf7_recaptcha_response\" value=\"\" \/>\n<\/div>\n<p><label> Twoje imi\u0119 i nazwisko<br \/>\n<span class=\"wpcf7-form-control-wrap\" data-name=\"your-name\"><input size=\"40\" class=\"wpcf7-form-control wpcf7-text wpcf7-validates-as-required\" autocomplete=\"name\" aria-required=\"true\" aria-invalid=\"false\" value=\"\" type=\"text\" name=\"your-name\" \/><\/span> <\/label>\n<\/p>\n<p><label> Tw\u00f3j adres e-mail<br \/>\n<span class=\"wpcf7-form-control-wrap\" data-name=\"your-email\"><input size=\"40\" class=\"wpcf7-form-control wpcf7-email wpcf7-validates-as-required wpcf7-text wpcf7-validates-as-email\" autocomplete=\"email\" aria-required=\"true\" aria-invalid=\"false\" value=\"\" type=\"email\" name=\"your-email\" \/><\/span> <\/label>\n<\/p>\n<p><label> Temat<br \/>\n<span class=\"wpcf7-form-control-wrap\" data-name=\"your-subject\"><input size=\"40\" class=\"wpcf7-form-control wpcf7-text wpcf7-validates-as-required\" aria-required=\"true\" aria-invalid=\"false\" value=\"\" type=\"text\" name=\"your-subject\" \/><\/span> <\/label>\n<\/p>\n<p><label> Twoja wiadomo\u015bci<br \/>\n<span class=\"wpcf7-form-control-wrap\" data-name=\"text-999\"><input size=\"40\" class=\"wpcf7-form-control wpcf7-text\" aria-invalid=\"false\" value=\"\" type=\"text\" name=\"text-999\" \/><\/span> <\/label><br \/>\n<input class=\"wpcf7-form-control wpcf7-submit has-spinner\" type=\"submit\" value=\"Wy\u015blij\" \/>\n<\/p><p style=\"display: none !important;\" class=\"akismet-fields-container\" data-prefix=\"_wpcf7_ak_\"><label>&#916;<textarea name=\"_wpcf7_ak_hp_textarea\" cols=\"45\" rows=\"8\" maxlength=\"100\"><\/textarea><\/label><input type=\"hidden\" id=\"ak_js_2\" name=\"_wpcf7_ak_js\" value=\"19\"\/><script>document.getElementById( \"ak_js_2\" ).setAttribute( \"value\", ( new Date() ).getTime() );<\/script><\/p><div class=\"wpcf7-response-output\" aria-hidden=\"true\"><\/div>\n<\/form>\n<\/div>\n[vc_empty_space height=&#8221;50&#8243;][\/vc_column][\/vc_row][vc_row content_placement=&#8221;middle&#8221; row_content_width=&#8221;grid&#8221; content_text_aligment=&#8221;center&#8221;][vc_column width=&#8221;1\/2&#8243; offset=&#8221;vc_hidden-lg vc_hidden-md vc_hidden-sm&#8221;][vc_row_inner][vc_column_inner width=&#8221;1\/2&#8243; offset=&#8221;vc_col-xs-2&#8243;][vc_icon icon_fontawesome=&#8221;fab fa-instagram&#8221; color=&#8221;custom&#8221; link=&#8221;url:https%3A%2F%2Fwww.instagram.com%2Fatelier_idel%2F|target:_blank|rel:nofollow&#8221; custom_color=&#8221;#566649&#8243;][\/vc_column_inner][vc_column_inner width=&#8221;1\/2&#8243; offset=&#8221;vc_col-xs-2&#8243;][vc_icon icon_fontawesome=&#8221;fab fa-facebook-f&#8221; color=&#8221;custom&#8221; link=&#8221;url:https%3A%2F%2Fwww.facebook.com%2Fatelieridel|target:_blank|rel:nofollow&#8221; custom_color=&#8221;#566649&#8243;][\/vc_column_inner][\/vc_row_inner][\/vc_column][vc_column width=&#8221;1\/2&#8243; offset=&#8221;vc_hidden-lg vc_hidden-md vc_hidden-sm&#8221;][\/vc_column][\/vc_row][vc_row][vc_column][vc_empty_space height=&#8221;50&#8243;][\/vc_column][\/vc_row]<\/p>\n","protected":false},"excerpt":{"rendered":"<p>[vc_row row_content_width=&#8221;grid&#8221; css=&#8221;.vc_custom_1708338546946{padding-top: 0px !important;padding-bottom: 0px !important;}&#8221; el_id=&#8221;edgtf-main-rev-holder&#8221;][vc_column css=&#8221;.vc_custom_1707942843905{margin-top: 40px !important;}&#8221; offset=&#8221;vc_col-xs-offset-1&#8243;][\/vc_column][vc_column offset=&#8221;vc_hidden-xs&#8221;][\/vc_column][\/vc_row][vc_row][vc_column offset=&#8221;vc_hidden-lg vc_hidden-md vc_hidden-sm&#8221;][vc_empty_space][\/vc_column][\/vc_row][vc_row][vc_column][vc_row_inner][vc_column_inner width=&#8221;1\/2&#8243;][\/vc_column_inner][vc_column_inner width=&#8221;1\/2&#8243;][vc_column_text] Po latach da\u0328z\u0307enia do doskona\u0142os\u0301ci oraz cia\u0328g\u0142ego rozwoju, moja niespokojna dusza zaprowadzi\u0142a mnie do momentu, kiedy zapragne\u0328\u0142am stworzyc\u0301 swoje w\u0142asne miejsce \u2013 [&hellip;]<\/p>\n","protected":false},"author":1,"featured_media":0,"parent":0,"menu_order":0,"comment_status":"closed","ping_status":"closed","template":"","meta":{"footnotes":""},"_links":{"self":[{"href":"https:\/\/atelieridel.pl\/index.php\/wp-json\/wp\/v2\/pages\/302"}],"collection":[{"href":"https:\/\/atelieridel.pl\/index.php\/wp-json\/wp\/v2\/pages"}],"about":[{"href":"https:\/\/atelieridel.pl\/index.php\/wp-json\/wp\/v2\/types\/page"}],"author":[{"embeddable":true,"href":"https:\/\/atelieridel.pl\/index.php\/wp-json\/wp\/v2\/users\/1"}],"replies":[{"embeddable":true,"href":"https:\/\/atelieridel.pl\/index.php\/wp-json\/wp\/v2\/comments?post=302"}],"version-history":[{"count":305,"href":"https:\/\/atelieridel.pl\/index.php\/wp-json\/wp\/v2\/pages\/302\/revisions"}],"predecessor-version":[{"id":4262,"href":"https:\/\/atelieridel.pl\/index.php\/wp-json\/wp\/v2\/pages\/302\/revisions\/4262"}],"wp:attachment":[{"href":"https:\/\/atelieridel.pl\/index.php\/wp-json\/wp\/v2\/media?parent=302"}],"curies":[{"name":"wp","href":"https:\/\/api.w.org\/{rel}","templated":true}]}}